{"id":66,"date":"2012-03-31T18:32:47","date_gmt":"2012-03-31T17:32:47","guid":{"rendered":"http:\/\/llati.upc.es\/verablog\/?page_id=66"},"modified":"2020-08-31T10:30:57","modified_gmt":"2020-08-31T09:30:57","slug":"beques-de-col%c2%b7laboracio","status":"publish","type":"page","link":"https:\/\/dccg.upc.edu\/people\/vera\/teaching\/grants-beques\/beques-de-col%c2%b7laboracio\/","title":{"rendered":"Beques de col\u00b7laboraci\u00f3"},"content":{"rendered":"<p><strong>A qui van destinades<\/strong><\/p>\n<p>Es tracta de beques del Ministeri d&#8217;Educaci\u00f3, destinades a estudiants que cursen el darrer curs dels seus estudis de grau o el primer curs dels seus estudis de m\u00e0ster, i que vulguin dur a terme tasques de col\u00b7laboraci\u00f3 amb els Departaments en activitat investigadora o en pr\u00e0ctiques vinculades als estudis que estan fent.<\/p>\n<p><strong>Caracter\u00edstiques principals<\/strong><\/p>\n<p>&#8211; Durada: 1 curs (per un m\u00ednim de 450 hores)<br \/>&#8211; Import: 2.000\u20ac<br \/>&#8211; Aquestes beques s\u00f3n compatibles amb les beques de car\u00e0cter general convocades pel MECD<\/p>\n<p><strong>Requisits per a poder demanar la beca<\/strong><\/p>\n<p><strong>Estudiants de grau:<\/strong><\/p>\n<ul>\n<li>No estar en possessi\u00f3 o en disposici\u00f3 legal d&#8217;obtenir un t\u00edtol acad\u00e8mic de llicenciat, enginyer, arquitecte, graduat o m\u00e0ster oficial.<\/li>\n<li>Estar matriculat en el curs 2018-2019 en ensenyament oficial de la totalitat de les assignatures o cr\u00e8dits que li resten per a finalitzar els seus estudis.<\/li>\n<li>Els estudiants de grau han de trobar-se cursant els \u00faltims cr\u00e8dits per completar els requisits per a l&#8217;obtenci\u00f3 del t\u00edtol, i haver superat el 75% de la c\u00e0rrega lectiva.<\/li>\n<li>Tenir com a nota mitjana dels cr\u00e8dits superats a qu\u00e8 es refereix el par\u00e0graf anterior la que s&#8217;assenyala a continuaci\u00f3 per a cadascuna de les branques de titulacions universit\u00e0ries oficials:\n<ul>\n<li>7,25 punts per a la branca d&#8217;Enginyeria i Arquitectura o Ensenyaments T\u00e8cnics<\/li>\n<li>7,70 punts per a les branques de Ci\u00e8ncies o Ci\u00e8ncies Experimentals i per a Ci\u00e8ncies Socials i Jur\u00eddiques<\/li>\n<li>7,80 punts per a la branca de Ci\u00e8ncies de la Salut<\/li>\n<li>8,00 punts per a la branca d&#8217;Arts i Humanitats<\/li>\n<\/ul>\n<\/li>\n<\/ul>\n<p><strong>Estudiants de m\u00e0ster:<\/strong><\/p>\n<ul>\n<li>No estar en possessi\u00f3 o en disposici\u00f3 legal d&#8217;obtenir un t\u00edtol acad\u00e8mic de M\u00e0ster oficial o de doctor.<\/li>\n<li>Estar matriculat en el curs 2018-2019 en ensenyament oficial de la totalitat de les assignatures o cr\u00e8dits de primer curs de M\u00e0ster.<\/li>\n<li>Haver obtingut en l&#8217;expedient acad\u00e8mic corresponent als estudis universitaris previs que donen acc\u00e9s al m\u00e0ster, la nota mitjana establerta en l&#8217;apartat anterior, en funci\u00f3 de la branca de coneixement de proced\u00e8ncia.<\/li>\n<\/ul>\n<p><strong>En tots els casos:<\/strong><\/p>\n<p>La nota es calcula aix\u00ed:<\/p>\n<p style=\"padding-left: 30px;\">MH = 10 punts<br \/>Excel\u00b7lent = 9 punts<br \/>Notable = 7,5 punts<br \/>Aprovat = 5,5 punts<br \/>Sup\u00e8s o No presentat = 2,5 punts<br \/>Apte no es comptabilitza<\/p>\n<p style=\"padding-left: 30px;\">Nota_assignatura = (punts x nombre_cr\u00e8dits_assignatura) \/ (nombre_credits_cursats_total)<\/p>\n<p style=\"padding-left: 30px;\">Nota = suma de totes les notes d&#8217;assignatura<\/p>\n<p><strong>Tema de la beca<\/strong><\/p>\n<p>Per demanar la beca, cal presentar un projecte de col\u00b7laboraci\u00f3 amb un Departament. Si hi esteu interessats, aquest projecte el redactar\u00edem de com\u00fa acord entre la persona interessada i el membre del <em>Grup de Recerca en Geometria Computacional, Combinat\u00f2ria i Discreta (DCCG)<\/em> que dirigir\u00e0 la beca. Hi ha diverses tasques possibles a fer, totes relacionades amb la Geometria Computacional, i es tracta de triar la que sigui m\u00e9s adient o m\u00e9s interessant per a la persona que sol\u00b7liciti la beca. Podeu veure aqu\u00ed quins s\u00f3n els <a href=\"https:\/\/dccg.upc.edu\/members\/\" target=\"_blank\" rel=\"noopener noreferrer\">membres del Grup DCCG<\/a>.<\/p>\n<p><strong>Termini<\/strong><\/p>\n<p>Aquestes beques es solen convocar al juliol i el termini per presentar les sol\u00b7licituds acaba a primers de setembre.<\/p>\n<p>Informaci\u00f3 addicional de car\u00e0cter administratiu es pot trobar seguint aquest <a href=\"https:\/\/www.upc.edu\/sga\/ca\/Beques\/BequesEstudi\" target=\"_blank\" rel=\"noopener noreferrer\">enlla\u00e7<\/a> i entrant a l&#8217;apartat &#8220;beca col\u00b7laboraci\u00f3&#8221;.<\/p>\n\n\n<p><\/p>\n","protected":false},"excerpt":{"rendered":"<p>A qui van destinades Es tracta de beques del Ministeri d&#8217;Educaci\u00f3, destinades a estudiants que cursen el darrer curs dels seus estudis de grau o el primer curs dels seus estudis de m\u00e0ster, i que vulguin dur a terme tasques de col\u00b7laboraci\u00f3 amb els Departaments en activitat investigadora o en pr\u00e0ctiques vinculades als estudis que&#8230;<\/p>\n","protected":false},"author":1,"featured_media":0,"parent":56,"menu_order":2,"comment_status":"closed","ping_status":"open","template":"","meta":{"footnotes":""},"class_list":["post-66","page","type-page","status-publish","hentry"],"_links":{"self":[{"href":"https:\/\/dccg.upc.edu\/people\/vera\/wp-json\/wp\/v2\/pages\/66","targetHints":{"allow":["GET"]}}],"collection":[{"href":"https:\/\/dccg.upc.edu\/people\/vera\/wp-json\/wp\/v2\/pages"}],"about":[{"href":"https:\/\/dccg.upc.edu\/people\/vera\/wp-json\/wp\/v2\/types\/page"}],"author":[{"embeddable":true,"href":"https:\/\/dccg.upc.edu\/people\/vera\/wp-json\/wp\/v2\/users\/1"}],"replies":[{"embeddable":true,"href":"https:\/\/dccg.upc.edu\/people\/vera\/wp-json\/wp\/v2\/comments?post=66"}],"version-history":[{"count":25,"href":"https:\/\/dccg.upc.edu\/people\/vera\/wp-json\/wp\/v2\/pages\/66\/revisions"}],"predecessor-version":[{"id":1797,"href":"https:\/\/dccg.upc.edu\/people\/vera\/wp-json\/wp\/v2\/pages\/66\/revisions\/1797"}],"up":[{"embeddable":true,"href":"https:\/\/dccg.upc.edu\/people\/vera\/wp-json\/wp\/v2\/pages\/56"}],"wp:attachment":[{"href":"https:\/\/dccg.upc.edu\/people\/vera\/wp-json\/wp\/v2\/media?parent=66"}],"curies":[{"name":"wp","href":"https:\/\/api.w.org\/{rel}","templated":true}]}}