{"id":259,"date":"2012-05-09T10:40:06","date_gmt":"2012-05-09T09:40:06","guid":{"rendered":"http:\/\/www-ma2.upc.es\/vera\/?page_id=259"},"modified":"2015-08-24T17:59:59","modified_gmt":"2015-08-24T16:59:59","slug":"curs-intensiu-de-matematiques","status":"publish","type":"page","link":"https:\/\/dccg.upc.edu\/people\/vera\/teaching\/courses\/curs-intensiu-de-matematiques\/","title":{"rendered":"Curs intensiu de matem\u00e0tiques"},"content":{"rendered":"<address>Departament de Matem\u00e0tica Aplicada II<br \/>\nFacultat d&#8217;Inform\u00e0tica de Barcelona<br \/>\nUniversitat Polit\u00e8cnica de Catalunya<\/address>\n<h3><\/h3>\n<h3>Objectius<\/h3>\n<p>Aquest curs t\u00e9 per objectiu presentar, en cinc sessions, els coneixements matem\u00e0tics m\u00e8s b\u00e0sics que conv\u00e9 que tingui qualsevol estudiant que es matricula a primer curs de grau a la Facultat d&#8217;Inform\u00e0tica de Barcelona. \u00d2bviament, la brevetat del curs no permet ni l&#8217;aprofundiment ni la pr\u00e0ctica requerides, per\u00f2 s&#8217;espera que doni als estudiants que hi participen les claus, eines i refer\u00e8ncies que els ajudin a adquirir-los.<\/p>\n<h3>Programa<\/h3>\n<p>Aquest \u00e9s al programa del curs: <a href=\"http:\/\/www-ma2.upc.es\/vera\/wp-content\/uploads\/2012\/07\/programa-curs-intensiu.pdf\"><img loading=\"lazy\" decoding=\"async\" class=\"wp-image-260 alignnone\" title=\"pdf icon\" src=\"http:\/\/www-ma2.upc.es\/vera\/wp-content\/uploads\/2012\/05\/pdf-icon.gif\" alt=\"\" width=\"43\" height=\"13\" \/><\/a><\/p>\n<h3>Bibliografia<\/h3>\n<p>\u00c9s molt important que de bon comen\u00e7ament us acostumeu a utilitzar la bibliografia de les assignatures. En el cas d&#8217;aquest curs intensiu, \u00e9s encara m\u00e9s recomanable ja que, a causa de le brevetat del curs, nom\u00e9s ampliant el que ferem a classe podreu consolidar els coneixements que a classe haurem introdu\u00eft.<\/p>\n<p>La bibliografia que us recomanem, a m\u00e9s, us ser\u00e0 \u00fatil tamb\u00e9 per a assignatures del grau:<\/p>\n<ul>\n<li>Kenneth H. Rosen, Discrete Mathematics and Its Applications, 7th edition, McGraw-Hill, 2011. Versi\u00f3 en castell\u00e0: Matem\u00e1tica Discreta y Aplicaciones, 5a edici\u00f3n, McGraw-Hill, 2004.<\/li>\n<li>Gerald L. Bradley, Karl J. Smith, C\u00e1lculo de una variable, Prentice Hall Iberia, 1998.<\/li>\n<\/ul>\n<h3>Resum de teoria<\/h3>\n<p>Aquest \u00e9s un document breu que no substitueix la consulta de la bibliografia -que us recomanem vivament-, per\u00f2 us pot servir com a gui\u00f3 o refer\u00e8ncia. <a href=\"http:\/\/www-ma2.upc.es\/vera\/wp-content\/uploads\/2012\/07\/intensiu_resum_teoria.pdf\"><img loading=\"lazy\" decoding=\"async\" class=\"wp-image-260 alignnone\" title=\"pdf icon\" src=\"http:\/\/www-ma2.upc.es\/vera\/wp-content\/uploads\/2012\/05\/pdf-icon.gif\" alt=\"\" width=\"43\" height=\"13\" \/><\/a><\/p>\n<h3>Exercicis<\/h3>\n<p>Hem preparat una petita selecci\u00f3 d&#8217;exercicis per a aquest curs. Es prega assitir a cada classe amb la llista d&#8217;exercicis corresponent. <a href=\"http:\/\/www-ma2.upc.es\/vera\/wp-content\/uploads\/2012\/07\/exercicis-curs-intensiu.pdf\"><img loading=\"lazy\" decoding=\"async\" class=\"wp-image-260 alignnone\" title=\"pdf icon\" src=\"http:\/\/www-ma2.upc.es\/vera\/wp-content\/uploads\/2012\/05\/pdf-icon.gif\" alt=\"\" width=\"43\" height=\"13\" \/><\/a><\/p>\n","protected":false},"excerpt":{"rendered":"<p>Departament de Matem\u00e0tica Aplicada II Facultat d&#8217;Inform\u00e0tica de Barcelona Universitat Polit\u00e8cnica de Catalunya Objectius Aquest curs t\u00e9 per objectiu presentar, en cinc sessions, els coneixements matem\u00e0tics m\u00e8s b\u00e0sics que conv\u00e9 que tingui qualsevol estudiant que es matricula a primer curs de grau a la Facultat d&#8217;Inform\u00e0tica de Barcelona. \u00d2bviament, la brevetat del curs no permet&#8230;<\/p>\n","protected":false},"author":1,"featured_media":293,"parent":41,"menu_order":6,"comment_status":"closed","ping_status":"closed","template":"","meta":{"footnotes":""},"class_list":["post-259","page","type-page","status-publish","has-post-thumbnail","hentry"],"_links":{"self":[{"href":"https:\/\/dccg.upc.edu\/people\/vera\/wp-json\/wp\/v2\/pages\/259","targetHints":{"allow":["GET"]}}],"collection":[{"href":"https:\/\/dccg.upc.edu\/people\/vera\/wp-json\/wp\/v2\/pages"}],"about":[{"href":"https:\/\/dccg.upc.edu\/people\/vera\/wp-json\/wp\/v2\/types\/page"}],"author":[{"embeddable":true,"href":"https:\/\/dccg.upc.edu\/people\/vera\/wp-json\/wp\/v2\/users\/1"}],"replies":[{"embeddable":true,"href":"https:\/\/dccg.upc.edu\/people\/vera\/wp-json\/wp\/v2\/comments?post=259"}],"version-history":[{"count":22,"href":"https:\/\/dccg.upc.edu\/people\/vera\/wp-json\/wp\/v2\/pages\/259\/revisions"}],"predecessor-version":[{"id":833,"href":"https:\/\/dccg.upc.edu\/people\/vera\/wp-json\/wp\/v2\/pages\/259\/revisions\/833"}],"up":[{"embeddable":true,"href":"https:\/\/dccg.upc.edu\/people\/vera\/wp-json\/wp\/v2\/pages\/41"}],"wp:featuredmedia":[{"embeddable":true,"href":"https:\/\/dccg.upc.edu\/people\/vera\/wp-json\/wp\/v2\/media\/293"}],"wp:attachment":[{"href":"https:\/\/dccg.upc.edu\/people\/vera\/wp-json\/wp\/v2\/media?parent=259"}],"curies":[{"name":"wp","href":"https:\/\/api.w.org\/{rel}","templated":true}]}}