{"id":110,"date":"2012-04-06T16:36:17","date_gmt":"2012-04-06T15:36:17","guid":{"rendered":"http:\/\/llati.upc.es\/verablog\/?page_id=110"},"modified":"2024-01-29T16:27:24","modified_gmt":"2024-01-29T15:27:24","slug":"pub","status":"publish","type":"page","link":"https:\/\/dccg.upc.edu\/people\/vera\/politica-universitaria\/pub\/","title":{"rendered":"Publications on university policy"},"content":{"rendered":"\n<p>V. Sacrist\u00e1n <br><strong>La mercantilizaci\u00f3n de la universidad <\/strong><br><em>Revista Jueces para la Democracia Informaci\u00f3n y Debate<\/em>, N. 107, 09\/2023 <br>Reproducido en <em>Espai Marx<\/em>, 24\/01\/2024 <br><a href=\"https:\/\/espai-marx.net\/?p=14909\">Espa\u00f1ol<\/a><\/p>\n\n\n\n<p>V. Sacrist\u00e1n<br><strong>Precios p\u00fablicos de matr\u00edcula: \u00bfya est\u00e1? An\u00e1lisis de la situaci\u00f3n final, el curso 2022-23, tras los acuerdos sobre precios p\u00fablicos de matr\u00edcula universitaria <\/strong><br><em><em>Observatori del Sistema Universitari<\/em>, <\/em>1\/2023<br><a href=\"https:\/\/www.observatoriuniversitari.org\/es\/2023\/02\/precios-publicos-de-matricula-ya-esta\/\" data-type=\"URL\" data-id=\"https:\/\/www.observatoriuniversitari.org\/es\/2023\/02\/precios-publicos-de-matricula-ya-esta\/\" target=\"_blank\" rel=\"noreferrer noopener\">Espa\u00f1ol<\/a>, <a href=\"https:\/\/www.observatoriuniversitari.org\/blog\/2023\/02\/08\/preus-publics-de-matricula-ja-esta\/\" data-type=\"URL\" data-id=\"https:\/\/www.observatoriuniversitari.org\/blog\/2023\/02\/08\/preus-publics-de-matricula-ja-esta\/\" target=\"_blank\" rel=\"noreferrer noopener\">Catal\u00e0<\/a><\/p>\n\n\n\n<hr class=\"wp-block-separator has-css-opacity is-style-wide\"\/>\n\n\n\n<p>V. Sacrist\u00e1n<br><strong>Profesorado universitario: no perdamos la oportunidad de arreglar el desaguisado<\/strong><br><em>El Pa\u00eds<\/em>, 04\/11\/2022<br><a href=\"https:\/\/elpais.com\/educacion\/2022-11-04\/profesorado-universitario-no-perdamos-la-oportunidad-de-arreglar-el-desaguisado.html\" target=\"_blank\" rel=\"noreferrer noopener\">Link<\/a> y <a href=\"https:\/\/dccg.upc.edu\/people\/vera\/wp-content\/uploads\/2022\/11\/PDI-LOSU-El_Pais.pdf\">versi\u00f3n PDF<\/a> (Espa\u00f1ol) <\/p>\n\n\n\n<hr class=\"wp-block-separator has-css-opacity is-style-wide\"\/>\n\n\n\n<p>V. Sacrist\u00e1n  <br><strong>Comparecencia ante la Comisi\u00f3n de Ciencia, Innovaci\u00f3n y Universidades del Congreso de los Diputados sobre el Proyecto de Ley Org\u00e1nica del Sistema Universitario<\/strong>  <br>28\/10\/2022  <br>Documento proyectado durante la comparecencia: <a href=\"https:\/\/dccg.upc.edu\/people\/vera\/wp-content\/uploads\/2022\/10\/Presentacion-Vera-Sacristan.pdf\">PDF<\/a>  <br>Anexos no proyectados durante la comparecencia: <a href=\"https:\/\/dccg.upc.edu\/people\/vera\/wp-content\/uploads\/2022\/10\/Anexos-Presentacion-Vera-Sacristan.pdf\">PDF<\/a> <br>V\u00eddeo de la comparecencia: <br><iframe loading=\"lazy\" src=\"https:\/\/www.youtube.com\/embed\/NeweSwTaM1c?start=10998\" title=\"YouTube video player\" allow=\"accelerometer; autoplay; clipboard-write; encrypted-media; gyroscope; picture-in-picture\" allowfullscreen=\"\" width=\"560\" height=\"315\" frameborder=\"0\"> &lt;\/p><\/iframe><\/p>\n\n\n\n<hr class=\"wp-block-separator has-css-opacity is-style-wide\"\/>\n\n\n\n<p>A. Corominas, V. Sacrist\u00e1n<br><strong>La universitat catalana, entre el neoliberalisme i el control pol\u00edtic<\/strong><br><em>Catalunya Plural<\/em>, 11\/07\/2022<br><a href=\"https:\/\/catalunyaplural.cat\/ca\/la-universitat-catalana-entre-el-neoliberalisme-i-el-control-politic\/\">Catal\u00e0<\/a>, <a href=\"https:\/\/catalunyaplural.cat\/es\/la-universidad-catalana-entre-el-neoliberalismo-y-el-control-politico\/\">Espa\u00f1ol<\/a><br><em>El Diari de l&#8217;Educaci\u00f3<\/em>, 11\/07\/2022<br><a href=\"https:\/\/diarieducacio.cat\/la-universitat-catalana-entre-el-neoliberalisme-i-el-control-politic\/\">Catal\u00e0<\/a><\/p>\n\n\n\n<hr class=\"wp-block-separator has-css-opacity is-style-wide\"\/>\n\n\n\n<p>A. Corominas, V. Sacrist\u00e1n<br><strong>El sistema universitari catal\u00e0: dades i singularitats<\/strong><br><em><em>Observatori del Sistema Universitari<\/em>, <\/em>6\/2022<br><a href=\"https:\/\/www.observatoriuniversitari.org\/blog\/2022\/06\/21\/la-singularitat-del-suc\/\">Catal\u00e0<\/a>, <a href=\"https:\/\/www.observatoriuniversitari.org\/es\/2022\/06\/el-sistema-universitario-catalan\/\">Espa\u00f1ol<\/a><\/p>\n\n\n\n<hr class=\"wp-block-separator has-css-opacity is-style-wide\"\/>\n\n\n\n<p>A. Corominas, V. Sacrist\u00e1n<br><strong>Sobre los or\u00edgenes de la mercantilizaci\u00f3n en nuestras universidades p\u00fablicas <\/strong><br><em>Universidad s\u00ed<\/em>, 03\/05\/2022<br><a href=\"https:\/\/www.universidadsi.es\/sobre-los-origenes-de-la-mercantilizacion-en-nuestras-universidades-publicas\/\">Link<\/a> (Espa\u00f1ol)<\/p>\n\n\n\n<hr class=\"wp-block-separator has-css-opacity is-style-wide\"\/>\n\n\n\n<p>V. Sacrist\u00e1n<br><strong>\u00bfQu\u00e9 efecto han tenido los acuerdos sobre precios p\u00fablicos universitarios?<br>2\u00aa edici\u00f3n: curso 2021-22<\/strong><br><em><em>Observatori del Sistema Universitari<\/em>, <\/em>1\/2022<br><a href=\"https:\/\/www.observatoriuniversitari.org\/es\/2022\/01\/que-efecto-han-tenido-los-acuerdos-sobre-precios-publicos-de-matricula-2a-edicion-curso-2021-22\/\">Link<\/a> (Espa\u00f1ol)<\/p>\n\n\n\n<hr class=\"wp-block-separator has-css-opacity is-style-wide\"\/>\n\n\n\n<p>V. Sacrist\u00e1n<br><strong>Compareixen\u00e7a davant la Pon\u00e8ncia del Parlament de Catalunya sobre la Proposici\u00f3 de llei de modificaci\u00f3 de la Llei 1\/2003, d&#8217;universitats de Catalunya<\/strong><br>14\/09\/2021<br><a href=\"https:\/\/www.parlament.cat\/ext\/f?p=700:15:0:::15:P15_ID_VIDEO:13095857\">V\u00eddeo de la compareixen\u00e7a<\/a><br><a href=\"https:\/\/dccg.upc.edu\/people\/vera\/wp-content\/uploads\/2021\/09\/Presentacio-compareixenca.pdf\">Presentaci\u00f3 utilitzada en la compareixen\u00e7a (versi\u00f3 PDF)<\/a><\/p>\n\n\n\n<hr class=\"wp-block-separator has-css-opacity is-style-wide\"\/>\n\n\n\n<p>V. Sacrist\u00e1n<br><strong>Acceso a la universidad: \u00bfhasta qu\u00e9 punto es posible hacer predicciones?<\/strong><br><em>Consejo de Colegios Mayores Universitarios de Espa\u00f1a<\/em>, 05\/07\/2021<br><a href=\"https:\/\/www.consejocolegiosmayores.es\/acceso-a-la-universidad-hasta-que-punto-es-posible-hacer-predicciones\/\">Link<\/a> (Espa\u00f1ol)<\/p>\n\n\n\n<hr class=\"wp-block-separator has-css-opacity is-style-wide\"\/>\n\n\n\n<p>A. Corominas, V. Sacrist\u00e1n<br><strong>Qui t\u00e9 por de la selectivitat?<\/strong><br><strong>\u00bfQui\u00e9n tiene miedo de la selectividad?<\/strong><br><em>El Peri\u00f3dico<\/em>, 27\/06\/2021<br>PDFs: <a href=\"https:\/\/dccg.upc.edu\/people\/vera\/wp-content\/uploads\/2021\/07\/Qui-te-por-de-la-selectivitat-CATALA.pdf\">Catal\u00e0<\/a>, <a href=\"https:\/\/dccg.upc.edu\/people\/vera\/wp-content\/uploads\/2021\/07\/Quien-tiene-miedo-de-la-selectividad-ESPANOL.pdf\">Espa\u00f1ol<\/a><br>Link: <a href=\"https:\/\/www.elperiodico.com\/es\/opinion\/20210626\/articulo-debate-reforma-selectividad-11859017\">Espa\u00f1ol<\/a><\/p>\n\n\n\n<hr class=\"wp-block-separator has-css-opacity is-style-wide\"\/>\n\n\n\n<p>V. Sacrist\u00e1n<br><strong>Comparecencia antre la Comisi\u00f3n de Educaci\u00f3n del Parlamento Vasco con motivo de la tramitaci\u00f3n del proyecto de ley de reconocimiento de Euneiz como universidad privada de la Comunidad Aut\u00f3noma del Pa\u00eds Vasco<\/strong><br>10\/05\/2012 <br><a href=\"http:\/\/www.legebiltzarra.eus\/portal\/web\/eusko-legebiltzarra\/videos\/-\/reproducir\/vid?streamlegealdia=12&amp;streamorganoa=05&amp;streamdata=20210510&amp;streamdbstart=2021-05-10T15:09:24.2&amp;streamdbend=2021-05-10T15:27:22.6\">V\u00eddeo de la comparecencia (intervenci\u00f3n inicial)<\/a>  <br><a href=\"http:\/\/www.legebiltzarra.eus\/portal\/web\/eusko-legebiltzarra\/videos\/-\/reproducir\/vid?streamlegealdia=12&amp;streamorganoa=05&amp;streamdata=20210510&amp;streamdbstart=2021-05-10T15:27:22.6&amp;streamdbend=2021-05-10T15:29:28.7\">V\u00eddeo de la intervenci\u00f3n de Gil Vegas, Jos\u00e9 Manuel (ETP-C)<\/a> <br><a href=\"http:\/\/www.legebiltzarra.eus\/portal\/web\/eusko-legebiltzarra\/videos\/-\/reproducir\/vid?streamlegealdia=12&amp;streamorganoa=05&amp;streamdata=20210510&amp;streamdbstart=2021-05-10T15:29:28.7&amp;streamdbend=2021-05-10T15:33:10.2\">V\u00eddeo de la intervenci\u00f3n de Mart\u00ednez Zat\u00f3n, I\u00f1igo (EP-IU)<\/a>  <br><a href=\"http:\/\/www.legebiltzarra.eus\/portal\/web\/eusko-legebiltzarra\/videos\/-\/reproducir\/vid?streamlegealdia=12&amp;streamorganoa=05&amp;streamdata=20210510&amp;streamdbstart=2021-05-10T15:33:10.2&amp;streamdbend=2021-05-10T15:34:27.4\">V\u00eddeo de la intervenci\u00f3n de Pastor Garrido, Jos\u00e9 Antonio (SV-ES)<\/a>  <br><a href=\"http:\/\/www.legebiltzarra.eus\/portal\/web\/eusko-legebiltzarra\/videos\/-\/reproducir\/vid?streamlegealdia=12&amp;streamorganoa=05&amp;streamdata=20210510&amp;streamdbstart=2021-05-10T15:34:27.4&amp;streamdbend=2021-05-10T15:35:02.1\">V\u00eddeo de la intervenci\u00f3n de Arrese Otegi, Ikoitz (EH Bildu)<\/a>  <br><a href=\"http:\/\/www.legebiltzarra.eus\/portal\/web\/eusko-legebiltzarra\/videos\/-\/reproducir\/vid?streamlegealdia=12&amp;streamorganoa=05&amp;streamdata=20210510&amp;streamdbstart=2021-05-10T15:35:02.1&amp;streamdbend=2021-05-10T15:35:32.9\">V\u00eddeo de la intervenci\u00f3n de \u00c1lvarez Mart\u00ednez, Gorka (EA-NV)<\/a>  <br><a href=\"http:\/\/www.legebiltzarra.eus\/portal\/web\/eusko-legebiltzarra\/videos\/-\/reproducir\/vid?streamlegealdia=12&amp;streamorganoa=05&amp;streamdata=20210510&amp;streamdbstart=2021-05-10T15:35:32.9&amp;streamdbend=2021-05-10T15:38:28.2\">V\u00eddeo de la comparecencia (intervenci\u00f3n final)<\/a> <\/p>\n\n\n\n<hr class=\"wp-block-separator has-css-opacity is-style-wide\"\/>\n\n\n\n<p><strong>&#8220;Falla el sistema de control de las universidades&#8221; (Entrevista)<\/strong><br>por A. Trillas<br><em>Alternativas Econ\u00f3micas<\/em>, N. 91, p. 52-95, Mayo 2021<br><a href=\"https:\/\/alternativaseconomicas.coop\/articulo\/dossier\/falla-el-sistema-de-control-de-las-universidades\" data-type=\"URL\" data-id=\"https:\/\/alternativaseconomicas.coop\/articulo\/dossier\/falla-el-sistema-de-control-de-las-universidades\" target=\"_blank\" rel=\"noreferrer noopener\">Link<\/a> (espa\u00f1ol)<\/p>\n\n\n\n<hr class=\"wp-block-separator has-css-opacity is-style-wide\"\/>\n\n\n\n<p>V. Sacrist\u00e1n<br><strong>Governing Spanish Universities &#8211; Improving a Participation System<\/strong><br>Participation in the round table <em>Governance and Participarion in the University of the Future<\/em> organized by the Ministry of Universities of the Government of Spain, 26\/4\/2021<\/p>\n\n\n\n<figure class=\"wp-block-embed is-type-video is-provider-youtube wp-block-embed-youtube wp-embed-aspect-16-9 wp-has-aspect-ratio\"><div class=\"wp-block-embed__wrapper\">\n<iframe loading=\"lazy\" title=\"EDUMEET&#039;21. SESI\u00d3N 07. OTRAS INSTITUCIONES III. MINISTERIO DE UNIVERSIDADES\" width=\"640\" height=\"360\" src=\"https:\/\/www.youtube.com\/embed\/kNqebg1igmQ?feature=oembed\" frameborder=\"0\" allow=\"accelerometer; autoplay; clipboard-write; encrypted-media; gyroscope; picture-in-picture; web-share\" referrerpolicy=\"strict-origin-when-cross-origin\" allowfullscreen><\/iframe>\n<\/div><\/figure>\n\n\n\n<hr class=\"wp-block-separator has-css-opacity is-style-wide\"\/>\n\n\n\n<p>V. Sacrist\u00e1n<br><strong>\u00bfA qu\u00e9 puede llamarse universidad? An\u00e1lisis del grado de cumplimiento de los requisitos actuales y los nuevos requisitos previstos<\/strong><br><em>Observatorio del Sistema Universitario<\/em>, 3\/2021<br>Links: <a href=\"https:\/\/www.observatoriuniversitari.org\/es\/2021\/03\/a-que-puede-llamarse-universidad\/\">Espa\u00f1ol<\/a>, <a href=\"https:\/\/www.observatoriuniversitari.org\/blog\/2021\/03\/18\/a-que-pot-dir-se-universitat\/\">Catal\u00e0<\/a><\/p>\n\n\n\n<hr class=\"wp-block-separator has-css-opacity is-style-wide\"\/>\n\n\n\n<p>V. Sacrist\u00e1n<br><strong>Precarietat a la universitat: cal un pla urgent<\/strong><br><em>Ara<\/em>, 24\/10\/2020<br>Links: <a href=\"https:\/\/www.arabalears.cat\/firmes\/vera_sacristan\/Precarietat-universitat-cal-pla-urgent-Vera-Sacristan_0_2549745255.html\">Catal\u00e0<\/a>, <a href=\"https:\/\/www.ara.cat\/es\/opinion\/Precariedad-universidad-urgente-profesores-asociados_0_2552144904.html\">Espa\u00f1ol<\/a><\/p>\n\n\n\n<hr class=\"wp-block-separator has-css-opacity is-style-wide\"\/>\n\n\n\n<p>N. Hirtt<br><strong>Escuela digital y clase inversa: dos virus troyanos del liberalismo escolar<\/strong><br>(traducci\u00f3n de V. Sacrist\u00e1n)<br><em>mientras tanto<\/em>, 1\/10\/2020<br><a href=\"http:\/\/www.mientrastanto.org\/boletin-194\/ensayo\/escuela-digital-y-clase-inversa-dos-virus-troyanos-del-liberalismo-escolar\">Link<\/a> (Espa\u00f1ol)<a href=\"https:\/\/www.elperiodico.cat\/ca\/opinio\/20200923\/societat-sense-coneixement-educacio-article-vera-sacristan-8125201\"><\/a><\/p>\n\n\n\n<hr class=\"wp-block-separator has-css-opacity is-style-wide\"\/>\n\n\n\n<p>V. Sacrist\u00e1n<br><strong>\u00bfQu\u00e9 efecto ha tenido el acuerdo sobre precios p\u00fablicos de matr\u00edcula? <\/strong><br><strong>1\u00aa edici\u00f3n: curso 2020-21<\/strong><br><em>Observatorio del sistema Universitario<\/em>, 9\/2020<br><a href=\"https:\/\/www.observatoriuniversitari.org\/es\/2020\/09\/que-efecto-ha-tenido-el-acuerdo-sobre-precios-publicos-de-matricula-1a-edicion-curso-2020-21\/\">Link<\/a> (Espa\u00f1ol)<\/p>\n\n\n\n<hr class=\"wp-block-separator has-css-opacity is-style-wide\"\/>\n\n\n\n<p>V. Sacrist\u00e1n<br><strong>\u00bfSociedad del conocimiento sin conocimiento?<\/strong><br><strong>Societat del coneixement sense coneixement?<\/strong><br><em>El Peri\u00f3dico<\/em>, 23\/9\/2020<br>Links: <a href=\"https:\/\/www.elperiodico.com\/es\/opinion\/20200923\/sociedad-sin-conocimiento-educacion-articulo-vera-sacristan-8125201\">Espa\u00f1ol,<\/a> <a href=\"https:\/\/www.elperiodico.cat\/ca\/opinio\/20200923\/societat-sense-coneixement-educacio-article-vera-sacristan-8125201\">Catal\u00e0<\/a>\n<\/p>\n\n\n\n<hr class=\"wp-block-separator has-css-opacity is-style-wide\"\/>\n\n\n\n<p>R. Ca\u00f1adell, A. Corominas (coord.), N. Hirtt<br><strong>El menosprecio del conocimiento<\/strong><br>(pr\u00f3logo de V. Sacrist\u00e1n)<br>Icaria editorial, Col. M\u00e1s Madera 159, Barcelona, 2020. ISBN 978-84-9888-954-3<br><a href=\"https:\/\/icariaeditorial.com\/nico-hirtt\/4674-el-menosprecio-del-conocimiento.html\">Link<\/a> (Espa\u00f1ol)<a href=\"https:\/\/www.elperiodico.cat\/ca\/opinio\/20200923\/societat-sense-coneixement-educacio-article-vera-sacristan-8125201\"><\/a><\/p>\n\n\n\n<hr class=\"wp-block-separator has-css-opacity is-style-wide\"\/>\n\n\n\n<figure class=\"wp-block-embed is-type-video is-provider-youtube wp-block-embed-youtube wp-embed-aspect-16-9 wp-has-aspect-ratio\"><div class=\"wp-block-embed__wrapper\">\n<iframe loading=\"lazy\" title=\"El menyspreu del coneixement - Albert Corominas\" width=\"640\" height=\"360\" src=\"https:\/\/www.youtube.com\/embed\/mdW_uoAwE24?feature=oembed\" frameborder=\"0\" allow=\"accelerometer; autoplay; clipboard-write; encrypted-media; gyroscope; picture-in-picture; web-share\" referrerpolicy=\"strict-origin-when-cross-origin\" allowfullscreen><\/iframe>\n<\/div><figcaption class=\"wp-element-caption\">Acte: <strong>El menysteniment del coneixement<\/strong><br>Ponents: Albert Corominas, Nico Hirtt, Rosa Ca\u00f1adell<br>Presenta: Vera Sacrist\u00e1n<br>UPC, 5\/6\/2019<\/figcaption><\/figure>\n\n\n<hr noshade=\"noshade\">\n<p>A. Corominas, V. Sacrist\u00e1n<br \/><strong>Grados universitarios: \u00bfcu\u00e1ntos y cu\u00e1les?<br \/>An\u00e1lisis de la oferta de estudios de grado en las universidades p\u00fablicas y privadas espa\u00f1olas<\/strong><br \/><em>Observatorio del Sistema Universitario<\/em>, 1\/2019<br \/><a href=\"https:\/\/www.observatoriuniversitari.org\/es\/2019\/03\/grados-universitarios-cuantos-y-cuales\/\">Link<\/a> (Espa\u00f1ol)<\/p>\n<hr noshade=\"noshade\">\n<p>V. Sacrist\u00e1n<br \/><strong>Universitats: al servei com\u00fa<\/strong><br \/><em>La revista d&#8217;EL Diari de l&#8217;Educaci\u00f3, n\u00fam. 4<\/em>, 2018<br \/><a href=\"https:\/\/dccg.upc.edu\/people\/vera\/wp-content\/uploads\/2019\/02\/Universitats-al-servei-comu.pdf\">PDF<\/a> (Catal\u00e0)<\/p>\n<hr noshade=\"noshade\">\n<p>V. Sacrist\u00e1n<br \/><strong>Universitat, ci\u00e8ncia, innovaci\u00f3 i coneixement enfront l&#8217;austeritat<\/strong><br \/><em>Observatori DESC, XII Edici\u00f3 Curs Anual de Drets Socials<\/em>, 7\/11\/2018<br \/>Link: <a href=\"https:\/\/dccg.upc.edu\/people\/vera\/wp-content\/uploads\/2018\/11\/uni-ciencia-austeritat.pptx\">Presentaci\u00f3<\/a> (Catal\u00e0)<\/p>\n<hr noshade=\"noshade\">\n<p>V. Sacrist\u00e1n<br \/><strong>Algunas cuestiones candentes para la universidad<\/strong><br \/><em>XXIII Semin\u00e1rio acad\u00e9mico anual d\u2019Associa\u00e7\u00e3o de pesquisadores e estudiantes brasileiros na Catalunha<\/em>, 18\/10\/2018<br \/>Link: <a href=\"https:\/\/dccg.upc.edu\/people\/vera\/wp-content\/uploads\/2018\/11\/Algunas-cuestiones-candentes-para-la-universidad.pdf\">Texto<\/a> (Espa\u00f1ol)<\/p>\n<hr noshade=\"noshade\">\n<p>V. Sacrist\u00e1n<br \/><strong>Universidad: Suben los precios, baja la matr\u00edcula<\/strong><br \/><strong>Universitat: Pugen els preus, baixa la matr\u00edcula<\/strong><br \/><em>El Peri\u00f3dico<\/em>, 28\/6\/2018<br \/>Links: <a href=\"https:\/\/www.elperiodico.com\/es\/sociedad\/20180628\/subida-tasas-universidad-expulsa-estudiantes-6914388\">Espa\u00f1ol<\/a>, <a href=\"https:\/\/www.elperiodico.cat\/ca\/societat\/20180628\/pujada-taxes-universitat-expulsa-estudiants-6914388\">Catal\u00e0<\/a><\/p>\n<hr noshade=\"noshade\">\n<p>V. Sacrist\u00e1n<br \/><strong>Acceso a la universidad y equidad<\/strong><br \/><em>Universitas Tarraconensis, Revista de Ci\u00e8ncies de l&#8217;Educaci\u00f3<\/em>, Monogr\u00e0fic 2018, pp. 19-44.<br \/><a href=\"https:\/\/revistes.urv.cat\/index.php\/ute\/article\/download\/1938\/2282\">PDF<\/a> (Espa\u00f1ol)<\/p>\n<hr noshade=\"noshade\">\n<p>V. Sacrist\u00e1n<br \/><strong>La feminizaci\u00f3n de la educaci\u00f3n: \u00bfQu\u00e9 estudian las mujeres?<\/strong><br \/><strong>La feminitzaci\u00f3 de l&#8217;educaci\u00f3: Qu\u00e8 estudien les dones?<\/strong><br \/><em>El Peri\u00f3dico<\/em>, 27\/5\/2018<br \/>Links: <a href=\"https:\/\/www.elperiodico.com\/es\/sociedad\/20180527\/que-estudian-mujeres-estudios-superiores-6840999\" target=\"_blank\" rel=\"noopener noreferrer\">Espa\u00f1ol<\/a>, <a href=\"https:\/\/www.elperiodico.cat\/ca\/societat\/20180527\/que-estudien-dones-estudis-superiors-6840999\" target=\"_blank\" rel=\"noopener noreferrer\">Catal\u00e0<\/a><\/p>\n<hr noshade=\"noshade\">\n<p>V. Sacrist\u00e1n<br \/><strong>Financiaci\u00f3n universitaria: Hambre para ma\u00f1ana<\/strong><br \/><strong>Financiaci\u00f3 universit\u00e0ria: Fam per dem\u00e0<\/strong><br \/><em>El Peri\u00f3dico<\/em>, 15\/4\/2018<br \/>Links: <a href=\"https:\/\/www.elperiodico.com\/es\/ciencia\/20180415\/articulo-vera-sacristan-hambre-para-manana-financiacion-universitaria-6759878\" target=\"_blank\" rel=\"noopener noreferrer\">Espa\u00f1ol<\/a>, <a href=\"https:\/\/www.elperiodico.cat\/ca\/ciencia\/20180415\/article-vera-sacristan-fam-per-dema-financament-universitari-6759878\" target=\"_blank\" rel=\"noopener noreferrer\">Catal\u00e0<\/a><\/p>\n<hr noshade=\"noshade\">\n<p><strong>\u00bfQui\u00e9n financia la universidad? (Entrevista)<\/strong><br \/>por Salvador L\u00f3pez Arnal<br \/><em>El Viejo Topo<\/em>, N. 363, pp. 52-95, Abril 2018<br \/>Versi\u00f3n electr\u00f3nica publicada en <em>Rebeli\u00f3n<\/em>:<br \/><a href=\"http:\/\/www.rebelion.org\/noticia.php?id=241632\" target=\"_blank\" rel=\"noopener noreferrer\">Entrevista a Vera Sacrist\u00e1n sobre el informe &#8220;\u00bfQui\u00e9n financia la universidad?&#8221; (I)<\/a><br \/><a href=\"http:\/\/www.rebelion.org\/noticia.php?id=241928\" target=\"_blank\" rel=\"noopener noreferrer\">Entrevista a Vera Sacrist\u00e1n sobre el informe &#8220;\u00bfQui\u00e9n financia la universidad?&#8221; (y II)<\/a><\/p>\n<hr noshade=\"noshade\">\n<p>V. Sacrist\u00e1n<br \/><strong>La exigua, desigual y menguante financiaci\u00f3n de la universidad p\u00fablica espa\u00f1ola (2009-2015)<\/strong><br \/><em>Sin Permiso<\/em> (revista electr\u00f3nica), 25\/1\/2018<br \/><a href=\"http:\/\/www.sinpermiso.info\/textos\/la-exigua-desigual-y-menguante-financiacion-de-la-universidad-publica-espanola-2009-2015\" target=\"_blank\" rel=\"noopener noreferrer\">Link<\/a> (Espa\u00f1ol)<\/p>\n<hr noshade=\"noshade\">\n<p>V. Sacrist\u00e1n<br \/><strong>\u00bfQui\u00e9n financia la universidad? Comparaci\u00f3n entre comunidades aut\u00f3nomas en Espa\u00f1a, Europa y la OCDE, 2009-2015<br \/>Qui finan\u00e7a la universitat? Comparaci\u00f3 entre comunitats aut\u00f2nomes a Espanya, Europa i l&#8217;OCDE, 2009-2015<br \/>Who finances our universities? Comparing autonomous communities in Spain, Europe and the OECD, 2009-2015<\/strong><br \/><em>Observatorio del Sistema Universitario<\/em>, diciembre 2018<br \/>Links: <a href=\"http:\/\/www.observatoriuniversitari.org\/es\/2018\/01\/16\/quien-financia-la-universidad\/\" target=\"_blank\" rel=\"noopener noreferrer\">Espa\u00f1ol<\/a>, <a href=\"http:\/\/www.observatoriuniversitari.org\/blog\/2018\/01\/16\/qui-financa-la-universitat\/\" target=\"_blank\" rel=\"noopener noreferrer\">Catal\u00e0<\/a>, <a href=\"http:\/\/www.observatoriuniversitari.org\/en\/2018\/01\/16\/who-finances-our-universities\/\" target=\"_blank\" rel=\"noopener noreferrer\">English<\/a><\/p>\n<hr noshade=\"noshade\">\n<p>V. Sacrist\u00e1n<br \/><strong>La universidad y el d\u00e9ficit en lenguas extranjeras: Ni un primer paso<\/strong><br \/><strong>La universitat i el d\u00e8ficit en llengues estrangeres: Ni un primer pas<\/strong><br \/><em>El Peri\u00f3dico<\/em>, 21\/6\/2017<br \/><a href=\"http:\/\/www.elperiodico.com\/es\/noticias\/opinion\/primer-paso-norma-mas-colell-lengua-extranjera-universidad-6120737\">Link<\/a> (Espa\u00f1ol)<br \/><a href=\"http:\/\/www.elperiodico.cat\/ca\/noticias\/opinio\/primer-pas-norma-mas-colell-llengua-estrangera-universitat-6120737\">Link<\/a> (Catal\u00e0)<\/p>\n<hr noshade=\"noshade\">\n<p>V. Sacrist\u00e1n<br \/><strong>Parece un milagro pero no lo es<\/strong><br \/><em>El economista<\/em>, 2\/11\/2015<br \/><a href=\"https:\/\/dccg.upc.edu\/people\/vera\/wp-content\/uploads\/2012\/04\/El-Economista-02-11-2015.pdf\">PDF<\/a> (Espa\u00f1ol)<\/p>\n<hr noshade=\"noshade\">\n<p>E. Cort\u00e9s, P. Ferrer, E. Fossas, J. M. Martorell, V. Sacrist\u00e1n, P. Viader<br \/><strong>\u00c9s equitatiu el nostre sistema universitari?<\/strong><br \/>Taula rodona, <em>El Punt Avui TV: L&#8217;Illa de Robinson<\/em>, 16\/10\/2015<br \/><a href=\"http:\/\/www.elpuntavui.tv\/video.html?view=video&amp;video_id=141573963\" target=\"_blank\" rel=\"noopener noreferrer\">V\u00eddeo (minut 06:40)<\/a> (Catal\u00e0)<\/p>\n<hr noshade=\"noshade\">\n<p>V. Sacrist\u00e1n<br \/><strong>El 3+2 en contexto<\/strong><br \/>Presentaci\u00f3n en la <em>Jornada sobre el grado de pedagog\u00eda<\/em>, organizada por la <em>Conferencia de Decanos de Educaci\u00f3n<\/em>, en la Universidad de Barcelona, 21-22\/5\/2015.<br \/><a href=\"https:\/\/dccg.upc.edu\/people\/vera\/wp-content\/uploads\/2012\/04\/El-3-2-en-contexto.pptx\">Documento pptx<\/a> (Espa\u00f1ol)<\/p>\n<hr noshade=\"noshade\">\n<p>W. Kamakura, D. Pe\u00f1a, V. Sacrist\u00e1n<br \/><strong>Los precios p\u00fablicos de matr\u00edculas y los sistemas de ayudas a los estudiantes<\/strong><br \/>Mesa redonda del ciclo <em>Factor Universitario<\/em>, Universidad de Sevilla, 14\/4\/2015.<br \/><a href=\"http:\/\/tv.us.es\/videoembed\/?numberpost=29634\">Video<\/a> (Espa\u00f1ol)<\/p>\n<hr noshade=\"noshade\">\n<p>A. Corominas, V. Sacrist\u00e1n<br \/><strong>\u00bfPor qu\u00e9 y para qu\u00e9 reforma Wert el sistema de t\u00edtulos universitarios?<\/strong><br \/><em>Sin Permiso<\/em> (revista electr\u00f3nica), 8\/2\/2015<br \/><a href=\"http:\/\/www.sinpermiso.info\/textos\/index.php?id=7721\" target=\"_blank\" rel=\"noopener noreferrer\">Link<\/a> (Espa\u00f1ol)<\/p>\n<hr noshade=\"noshade\">\n<p>V. Sacrist\u00e1n<br \/><strong>La q\u00fcesti\u00f3 no s\u00f3n els anys<br \/>La cuesti\u00f3n no son los a\u00f1os<\/strong><br \/><em>El Peri\u00f3dico<\/em>, 3\/2\/2015<br \/><a href=\"http:\/\/www.elperiodico.cat\/ca\/noticias\/opinio\/questio-son-els-anys-3903979\" target=\"_blank\" rel=\"noopener noreferrer\">Link<\/a> i <a href=\"https:\/\/dccg.upc.edu\/people\/vera\/wp-content\/uploads\/2012\/04\/No-son-els-anys.pdf\">PDF<\/a> (Catal\u00e0)<br \/><a href=\"http:\/\/www.elperiodico.com\/es\/noticias\/opinion\/cuestion-son-los-anos-3903979\" target=\"_blank\" rel=\"noopener noreferrer\">Link<\/a> i <a href=\"https:\/\/dccg.upc.edu\/people\/vera\/wp-content\/uploads\/2012\/04\/No-son-los-a\u00f1os.pdf\">PDF<\/a> (Espa\u00f1ol)<\/p>\n<hr noshade=\"noshade\">\n<p>V. Sacrist\u00e1n<br \/><strong>Un bien com\u00fan<\/strong><br \/><em>El Pa\u00eds<\/em>, 22\/12\/2014<br \/><a href=\"http:\/\/politica.elpais.com\/politica\/2014\/12\/18\/actualidad\/1418924042_342297.html\" target=\"_blank\" rel=\"noopener noreferrer\">Link<\/a> (Espa\u00f1ol)<\/p>\n<hr noshade=\"noshade\">\n<p>V. Sacrist\u00e1n<br \/><strong>El finan\u00e7ament de la universitat: qui, com i quant?<\/strong><br \/><em>En els 25 anys d&#8217;UpiC: Materials per fomentar el futur de la universitat p\u00fablica<\/em>, UpiC, 11\/2014<\/p>\n<hr noshade=\"noshade\">\n<p>O. Arcas, V. Sacrist\u00e1n<br \/><strong>L&#8217;acc\u00e9s a la universitat<\/strong><br \/><em>En els 25 anys d&#8217;UpiC: Materials per fomentar el futur de la universitat p\u00fablica<\/em>, UpiC, 11\/2014<\/p>\n<hr noshade=\"noshade\">\n<p>V. Sacrist\u00e1n<br \/><strong>\u00c9s equitatiu l&#8217;acc\u00e9s a la universitat?<\/strong><br \/><strong>\u00bfEs equitativo el acceso a la universidad?<\/strong><br \/><em>Ara<\/em>, 15\/9\/2014<br \/><em>Sin Permiso<\/em> (revista electr\u00f3nica), 28\/9\/2014<br \/><a href=\"https:\/\/dccg.upc.edu\/people\/vera\/wp-content\/uploads\/2012\/04\/Es-equitatiu.pdf\">PDF<\/a> i <a href=\"http:\/\/www.ara.cat\/firmes\/vera_sacristan\/equitatiu-lacces-universitat_0_1213078716.html\" target=\"_blank\" rel=\"noopener noreferrer\">Link<\/a> (Catal\u00e0)<br \/><a href=\"http:\/\/www.sinpermiso.info\/textos\/index.php?id=7338\" target=\"_blank\" rel=\"noopener noreferrer\">Link<\/a> (Espa\u00f1ol)<\/p>\n<hr noshade=\"noshade\">\n<p>V. Sacrist\u00e1n<br \/><strong>El coste de estudiar en la universidad<\/strong><br \/><em>Sin Permiso<\/em> (revista electr\u00f3nica), 7\/9\/2014<br \/><a href=\"http:\/\/www.sinpermiso.info\/textos\/index.php?id=7272\" target=\"_blank\" rel=\"noopener noreferrer\">Link<\/a> (Espa\u00f1ol)<\/p>\n<hr noshade=\"noshade\">\n<p>V. Sacrist\u00e1n<br \/><strong>Ens ha de preocupar la reforma del govern de les universitats?<\/strong><br \/><em>El diari de l&#8217;educaci\u00f3<\/em>, 30\/6\/2014<br \/><a href=\"http:\/\/diarieducacio.cat\/blogs\/bofill\/2014\/06\/30\/ens-ha-de-preocupar-la-reforma-del-govern-de-les-universitats\/\" target=\"_blank\" rel=\"noopener noreferrer\">Link<\/a> (Catal\u00e0)<\/p>\n<hr noshade=\"noshade\">\n<p>V. Sacrist\u00e1n<br \/><strong>El cost d\u2019estudiar a Europa: Preus, beques, pr\u00e9stecs i altres ajuts a les universitats europees (2013-14)<br \/>El coste de estudiar en Europa: Precios, becas, pr\u00e9stamos y otras ayudas en las universidades europeas (2013-14)<br \/>The cost of studying in Europe: Tuition fees, grants, loans and subsidies in European universities (2013-2014)<\/strong><br \/><em>Observatori del Sistema Universitari<\/em>, juny 2014<br \/>Links: <a href=\"http:\/\/www.observatoriuniversitari.org\/blog\/2014\/06\/19\/el-cost-destudiar-a-europa\/\" target=\"_blank\" rel=\"noopener noreferrer\">Catal\u00e0<\/a>, <a href=\"http:\/\/www.observatoriuniversitari.org\/es\/2014\/06\/19\/el-coste-de-estudiar-en-europa\/\" target=\"_blank\" rel=\"noopener noreferrer\">Espa\u00f1ol<\/a>, <a href=\"http:\/\/www.observatoriuniversitari.org\/en\/2014\/06\/20\/the-cost-of-studying-in-europe\/\" target=\"_blank\" rel=\"noopener noreferrer\">English<\/a><\/p>\n<hr noshade=\"noshade\">\n<p>V. Sacrist\u00e1n<br \/><strong>Evaluaci\u00f3n de la investigaci\u00f3n: el declive de un modelo exitoso<br \/>Evaluating research: the decline of a successful model<\/strong><br \/><em>Revista Espa\u00f1ola de Sociolog\u00eda<\/em>, N. 21, pp. 149-156, 2014<br \/><a href=\"http:\/\/fes-sociologia.com\/sumario-numero-21-2014\/pages\/143\/\" target=\"_blank\" rel=\"noopener noreferrer\">Link<\/a> (Espa\u00f1ol, Abstract in English)<\/p>\n<hr noshade=\"noshade\">\n<p>A. Corominas, V. Sacrist\u00e1n<br \/><strong>Govern de les universitats: fal\u00b7l\u00e0cies i coincid\u00e8ncies<\/strong><br \/><em>La Vanguardia<\/em>, 18\/02\/2014<br \/><a href=\"https:\/\/dccg.upc.edu\/people\/vera\/wp-content\/uploads\/2012\/04\/GovernUniversitats_LV_18-2-2014.pdf\">PDF<\/a> (Catal\u00e0)<br \/><a href=\"https:\/\/dccg.upc.edu\/people\/vera\/wp-content\/uploads\/2012\/04\/GobiernoUniversidades_LV_18-2-2014.pdf\">PDF<\/a> (Espa\u00f1ol)<\/p>\n<hr noshade=\"noshade\">\n<p>V. Sacrist\u00e1n<br \/>Participaci\u00f3n en el documental <strong>Universidad S.A.<\/strong>, realizado por O. Gom\u00e0 y P. Al\u00f3s<br \/>Pel\u00edcula estrenada el 24 de octubre de 2013.<br \/><a href=\"http:\/\/www.universidadsa.com\/\" target=\"_blank\" rel=\"noopener noreferrer\">Video<\/a> (Espa\u00f1ol)<\/p>\n<hr noshade=\"noshade\">\n<p>V. Sacrist\u00e1n<br \/><strong>Govern de la universitat: propostes de millora del model democr\u00e0tic vigent<\/strong><br \/>Intervenci\u00f3 a <em>Tribuna Universit\u00e0ria<\/em>, 25 d&#8217;abril de 2013.<\/p>\n<p><iframe loading=\"lazy\" src=\"\/\/www.youtube.com\/embed\/IBWVw8a2dww\" allowfullscreen=\"allowfullscreen\" width=\"560\" height=\"315\" frameborder=\"0\"><\/iframe><\/p>\n<hr noshade=\"noshade\">\n<p>V. Sacrist\u00e1n<br \/><strong>Perspectiva general del presente y futuro de la Universidad<\/strong><br \/>Intervenci\u00f3n en la mesa redonda inaugural del ciclo <em>Jornadas sobre el futuro de la universidad p\u00fablica<\/em> organizado por la Universidad de Valladolid, 21 de marzo de 2013.<\/p>\n<p><iframe loading=\"lazy\" src=\"\/\/www.youtube.com\/embed\/H56352hpEAE\" allowfullscreen=\"allowfullscreen\" width=\"420\" height=\"315\" frameborder=\"0\"><\/iframe><\/p>\n<hr noshade=\"noshade\">\n<p>A. Corominas, S. Fillet, A. Ras, V. Sacrist\u00e1n<br \/><strong>Resum del document&nbsp;<em>Propuestas para la reforma y mejora de la calidad y eficiencia del sistema universitario espa\u00f1ol<\/em> elaborat per la Comisi\u00f3n de expertos para la reforma del sistema universitario espa\u00f1ol<\/strong><br \/><em>F\u00edrgoa<\/em>, mar\u00e7 2013.<br \/><a href=\"http:\/\/firgoa.usc.es\/drupal\/node\/51025\" target=\"_blank\" rel=\"noopener noreferrer\">Link<\/a> i <a href=\"https:\/\/dccg.upc.edu\/people\/vera\/wp-content\/uploads\/2012\/04\/Resum_Informe_Com_Wert-SAVA.pdf\">PDF<\/a> (Catal\u00e0)<\/p>\n<hr noshade=\"noshade\">\n<p>V. Sacrist\u00e1n<br \/><strong>Pensar la universidad con Paco<\/strong><br \/>Intervenci\u00f3 a la mesa rodona amb motiu de la <em>concessi\u00f3 p\u00f2stuma del Guard\u00f3 d&#8217;Honor de la Universitat Pompeu Fabra a Paco Fern\u00e1ndez Buey<\/em>, 13 de desembre de 2012.<\/p>\n<p><iframe loading=\"lazy\" src=\"\/\/www.youtube.com\/embed\/38uRMebUAsA\" allowfullscreen=\"allowfullscreen\" width=\"560\" height=\"315\" frameborder=\"0\"><\/iframe><\/p>\n<hr noshade=\"noshade\">\n<p>L. de la Villa, J. Fran\u00e7a, V. Sacrist\u00e1n, E. Tello (coord.)<br \/><strong>Estudiar a Europa. Preus de mat\u00edcules i beques a les universitats europees<\/strong><br \/><em>Observatori del Sistema Universitari<\/em>, desembre 2012.<br \/><a href=\"http:\/\/www.observatoriuniversitari.org\/blog\/2012\/12\/18\/estudiar-a-europa\/\" target=\"_blank\" rel=\"noopener noreferrer\">Link<\/a> (Catal\u00e0)<\/p>\n<hr noshade=\"noshade\">\n<p>O. Arcas, J. Botella, A. Corominas, L. de la Villa, J. Fran\u00e7a, V. Sacrist\u00e1n (coord.), amb la col\u00b7laboraci\u00f3 de J. Benach, S. Espuelas, A. Medina, J. Mir, A. Ras, E. Tello i edici\u00f3 de I. V\u00e1zquez Alvarez.<br \/><strong>Quant paga l&#8217;estudiant? Preus i taxes de matr\u00edcula universit\u00e0ria a Catalunya, a Espanya i al m\u00f3n<\/strong><br \/><em>Observatori del Sistema Universitari<\/em>, maig 2012 (actualitzat novembre 2012).<br \/><a href=\"http:\/\/www.observatoriuniversitari.org\/blog\/2012\/05\/19\/quant-paga-lestudiant\/\" target=\"_blank\" rel=\"noopener noreferrer\">Link<\/a> (Catal\u00e0)<br \/><a href=\"http:\/\/www.observatoriuniversitari.org\/es\/2012\/05\/28\/cuanto-paga-el-estudiante\/\" target=\"_blank\" rel=\"noopener noreferrer\">Resumen ejecutivo<\/a> (Espa\u00f1ol)<\/p>\n<p>V\u00eddeo 1\/2<br \/><iframe loading=\"lazy\" src=\"\/\/www.youtube.com\/embed\/IEnJE6DQ3dI\" allowfullscreen=\"allowfullscreen\" width=\"560\" height=\"315\" frameborder=\"0\"><\/iframe><\/p>\n<p>V\u00eddeo 2\/2<br \/><iframe loading=\"lazy\" src=\"\/\/www.youtube.com\/embed\/509c6TLyVm4\" allowfullscreen=\"allowfullscreen\" width=\"560\" height=\"315\" frameborder=\"0\"><\/iframe><\/p>\n<hr noshade=\"noshade\">\n<p>A. Corominas, V. Sacrist\u00e1n<br \/><strong> Las encrucijadas estrat\u00e9gicas de la universidad p\u00fablica espa\u00f1ola<\/strong><br \/><em>Revista de Educaci\u00f3n<\/em>, 355:57-81, 2011.<br \/><a href=\"http:\/\/www.revistaeducacion.educacion.es\/re355_03.html\" target=\"_blank\" rel=\"noopener noreferrer\">Link<\/a> (Espa\u00f1ol)<\/p>\n<hr noshade=\"noshade\">\n<p>V. Sacrist\u00e1n<br \/><strong> Bolonya: el d\u00eda siguiente<\/strong><br \/><em>La Revista del CTESC<\/em> (revista online del Consell de Treball, Econ\u00f2mic i Social de Catalunya), 13\/10\/2010.<br \/><em>Sin Permiso<\/em> (revista electr\u00f3nica), 17\/10\/2010.<br \/><a href=\"http:\/\/www.sinpermiso.info\/textos\/index.php?id=3645\" target=\"_blank\" rel=\"noopener noreferrer\">Link<\/a> (Espa\u00f1ol)<\/p>\n<hr noshade=\"noshade\">\n<p>L. Bracho, A. Corominas (coord.), S. Fillet, A. Garc\u00eda Laso, D. Llanes, F. Marcell\u00e1n, J. M. Mir\u00f3, A. Quir\u00f3s, F. Romero, C. Ruiz-Rivas, V. Sacrist\u00e1n (coord.), X. Vence.<br \/><strong> Construir el futuro de la universidad p\u00fablica<\/strong><br \/>Icaria editorial, Col. Antrazyt 324, Barcelona, 2010. ISBN 978-84-9888-220-9.<br \/><a href=\"http:\/\/www.icariaeditorial.com\/libros.php?id=1107\" target=\"_blank\" rel=\"noopener noreferrer\">Link<\/a> (Espa\u00f1ol)<\/p>\n<hr noshade=\"noshade\">\n<p>V. Sacrist\u00e1n<br \/><strong>Quienes creemos en la universidad como servicio p\u00fablico<\/strong><br \/>Intervenci\u00f3n en la presentaci\u00f3n del libro <em><a href=\"http:\/\/tienda.elviejotopo.com\/universidad\/975-por-una-universidad-democratica-escritos-sobre-la-universidad-y-los-movimientos-universitarios-1965-19-9788492616374.html\" target=\"_blank\" rel=\"noopener noreferrer\">Por un universidad democr\u00e1tica<\/a><\/em> de <a href=\"https:\/\/www.upf.edu\/iuc\/es\/directori\/fernandez-buey.html\" target=\"_blank\" rel=\"noopener noreferrer\">Francisco Fern\u00e1ndez Buey<\/a> el 26 de noviembre de 2009.<br \/>Reproducido en<em> Sin Permiso<\/em> (revista electr\u00f3nica), 06\/12\/2009<br \/><a href=\"http:\/\/www.sinpermiso.info\/textos\/index.php?id=2943\" target=\"_blank\" rel=\"noopener noreferrer\">Link<\/a> (Espa\u00f1ol)<\/p>\n<hr noshade=\"noshade\">\n<p>V. Sacrist\u00e1n, A. Corominas<br \/><strong>Despu\u00e9s de Bolonia, \u00bfqu\u00e9?<\/strong><br \/><em>P\u00fablico<\/em>, 19\/07\/2009<br \/><a href=\"https:\/\/dccg.upc.edu\/people\/vera\/wp-content\/uploads\/2012\/04\/DespuesDeBoloniaQue.pdf\">PDF<\/a> (Espa\u00f1ol)<\/p>\n<hr noshade=\"noshade\">\n<p>A. Corominas, V. Sacrist\u00e1n<br \/><strong>Universidad europea: \u00bfgiro social en Lovaina?<\/strong><br \/><em>Sin Permiso<\/em> (revista electr\u00f3nica), 10\/05\/2009<br \/><a href=\"http:\/\/www.sinpermiso.info\/textos\/index.php?id=2556\" target=\"_blank\" rel=\"noopener noreferrer\">Link<\/a> (Espa\u00f1ol)<\/p>\n<hr noshade=\"noshade\">\n<p>A. Corominas, V. Sacrist\u00e1n<br \/><strong><em>Lobbies<\/em> empresariales y universidad: el rayo que no cesa<\/strong><br \/><em>Sin Permiso<\/em> (revista electr\u00f3nica), 26\/04\/2009<br \/><a href=\"http:\/\/www.sinpermiso.info\/textos\/index.php?id=2517\" target=\"_blank\" rel=\"noopener noreferrer\">Link<\/a> (Espa\u00f1ol)<\/p>\n<hr noshade=\"noshade\">\n<p>V. Sacrist\u00e1n, A. Corominas<br \/><strong>Por qu\u00e9 lo llaman Bolonia cuando quieren decir&#8230;<\/strong><br \/><em>El Peri\u00f3dico de Catalunya<\/em>, 23\/12\/2008<br \/><em>Sin Permiso<\/em> (revista electr\u00f3nica), 28\/04\/2008<br \/><a href=\"https:\/\/dccg.upc.edu\/people\/vera\/wp-content\/uploads\/2012\/04\/PqBolonya.pdf\">PDF<\/a> (Catal\u00e0)<br \/><a href=\"http:\/\/www.sinpermiso.info\/textos\/index.php?id=2252\" target=\"_blank\" rel=\"noopener noreferrer\">Link<\/a> (Espa\u00f1ol)<\/p>\n<hr width=\"100%\" size=\"2\">\n<p>A. Corominas, V. Sacrist\u00e1n<br \/><strong>Universitat p\u00fablica \/ universitat privada<\/strong><br \/><em>Barcelona Metr\u00f3polis<\/em>, N\u00fam. 73, pp. 73-75, 2008.<br \/>Links: <a href=\"http:\/\/w2.bcn.cat\/bcnmetropolis\/arxiu\/ca\/page2b5e.html?id=23&amp;ui=145&amp;prevNode=33&amp;tagId=101\" target=\"_blank\" rel=\"noopener noreferrer\">Catal\u00e0<\/a> &#8211; <a href=\"http:\/\/w2.bcn.cat\/bcnmetropolis\/arxiu\/es\/page2b5e.html?id=23&amp;ui=145&amp;prevNode=33&amp;tagId=101\" target=\"_blank\" rel=\"noopener noreferrer\">Espa\u00f1ol<\/a> &#8211; <a href=\"http:\/\/w2.bcn.cat\/bcnmetropolis\/arxiu\/en\/page2b5e.html?id=23&amp;ui=145&amp;prevNode=33&amp;tagId=101\" target=\"_blank\" rel=\"noopener noreferrer\">English<\/a><\/p>\n<hr width=\"100%\" size=\"2\">\n<p>A. Corominas, V. Sacrist\u00e1n<br \/><strong>Zapatero encomienda la ciencia y las universidades a una representante de las privadas y de la patronal<\/strong><br \/><em>Sin Permiso<\/em> (revista electr\u00f3nica), 20\/04\/2008<br \/><a href=\"http:\/\/www.sinpermiso.info\/textos\/index.php?id=1804\" target=\"_blank\" rel=\"noopener noreferrer\">Link<\/a> (Espa\u00f1ol)<\/p>\n<hr noshade=\"noshade\">\n<p>A. Corominas, V. Sacrist\u00e1n<br \/><strong>Una campa\u00f1a pro mercantilizaci\u00f3n de la universidad p\u00fablica: \u00bfpor qu\u00e9 y para qu\u00e9?<\/strong><br \/><em>Sin Permiso<\/em> (revista electr\u00f3nica), 13\/04\/2008<br \/><a href=\"http:\/\/www.sinpermiso.info\/textos\/index.php?id=1788\" target=\"_blank\" rel=\"noopener noreferrer\">Link<\/a> (Espa\u00f1ol)<\/p>\n<hr noshade=\"noshade\">\n<p>A. Corominas, V. Sacrist\u00e1n<br \/><strong>\u00bfUna campa\u00f1a pro mercantilizaci\u00f3n de la universidad p\u00fablica?<\/strong><br \/><em>Sin Permiso<\/em> (revista electr\u00f3nica), 10\/03\/2008<br \/><a href=\"http:\/\/www.sinpermiso.info\/textos\/index.php?id=1763\" target=\"_blank\" rel=\"noopener noreferrer\">Link<\/a> (Espa\u00f1ol)<\/p>\n<hr noshade=\"noshade\">\n<p>A. Corominas, V. Sacrist\u00e1n<br \/><strong>Contra alguns t\u00f2pics relatius a l&#8217;organitzaci\u00f3 i la gesti\u00f3 de la universitat<\/strong><br \/><em>Jornada de debat: Llibre blanc sobre descentralitzaci\u00f3 i estructura organitzativa de la UPC<\/em>, pp. 21-30, 2000.<br \/><a href=\"https:\/\/dccg.upc.edu\/people\/vera\/wp-content\/uploads\/2012\/04\/Topics.pdf\">PDF<\/a> (Catal\u00e0)<\/p>\n<hr noshade=\"noshade\">\n<p>V. Sacrist\u00e1n<br \/><strong>Alguns motius per t\u00e9mer la implantaci\u00f3 de la proposta organitzativa del llibre blanc<\/strong><br \/><em>Jornada de debat: Llibre blanc sobre descentralitzaci\u00f3 i estructura organitzativa de la UPC<\/em>, pp. 35-42, 2000.<br \/><a href=\"https:\/\/dccg.upc.edu\/people\/vera\/wp-content\/uploads\/2012\/04\/motius_per_temer.pdf\">PDF<\/a> (Catal\u00e0)<\/p>\n\n\n<p><\/p>\n","protected":false},"excerpt":{"rendered":"<p>V. Sacrist\u00e1n La mercantilizaci\u00f3n de la universidad Revista Jueces para la Democracia Informaci\u00f3n y Debate, N. 107, 09\/2023 Reproducido en Espai Marx, 24\/01\/2024 Espa\u00f1ol V. Sacrist\u00e1nPrecios p\u00fablicos de matr\u00edcula: \u00bfya est\u00e1? An\u00e1lisis de la situaci\u00f3n final, el curso 2022-23, tras los acuerdos sobre precios p\u00fablicos de matr\u00edcula universitaria Observatori del Sistema Universitari, 1\/2023Espa\u00f1ol, Catal\u00e0 V&#8230;.<\/p>\n","protected":false},"author":1,"featured_media":0,"parent":9,"menu_order":1,"comment_status":"closed","ping_status":"closed","template":"","meta":{"footnotes":""},"class_list":["post-110","page","type-page","status-publish","hentry"],"_links":{"self":[{"href":"https:\/\/dccg.upc.edu\/people\/vera\/wp-json\/wp\/v2\/pages\/110","targetHints":{"allow":["GET"]}}],"collection":[{"href":"https:\/\/dccg.upc.edu\/people\/vera\/wp-json\/wp\/v2\/pages"}],"about":[{"href":"https:\/\/dccg.upc.edu\/people\/vera\/wp-json\/wp\/v2\/types\/page"}],"author":[{"embeddable":true,"href":"https:\/\/dccg.upc.edu\/people\/vera\/wp-json\/wp\/v2\/users\/1"}],"replies":[{"embeddable":true,"href":"https:\/\/dccg.upc.edu\/people\/vera\/wp-json\/wp\/v2\/comments?post=110"}],"version-history":[{"count":128,"href":"https:\/\/dccg.upc.edu\/people\/vera\/wp-json\/wp\/v2\/pages\/110\/revisions"}],"predecessor-version":[{"id":1971,"href":"https:\/\/dccg.upc.edu\/people\/vera\/wp-json\/wp\/v2\/pages\/110\/revisions\/1971"}],"up":[{"embeddable":true,"href":"https:\/\/dccg.upc.edu\/people\/vera\/wp-json\/wp\/v2\/pages\/9"}],"wp:attachment":[{"href":"https:\/\/dccg.upc.edu\/people\/vera\/wp-json\/wp\/v2\/media?parent=110"}],"curies":[{"name":"wp","href":"https:\/\/api.w.org\/{rel}","templated":true}]}}